{"id":6384,"date":"2025-01-28T14:01:54","date_gmt":"2025-01-28T13:01:54","guid":{"rendered":"https:\/\/www.fore.fr\/apprentissage\/?page_id=6384"},"modified":"2026-03-31T15:56:23","modified_gmt":"2026-03-31T13:56:23","slug":"outils","status":"publish","type":"page","link":"https:\/\/www.fore.fr\/apprentissage\/outils\/","title":{"rendered":"Vos Outils"},"content":{"rendered":"\n<h2 class=\"wp-block-heading has-text-color\" style=\"color:#e70031\"><strong>Vos Outils<\/strong><\/h2>\n\n\n\n<h2 class=\"wp-block-heading has-text-color\" style=\"color:#e70031\"><strong>LE BON CV<\/strong><\/h2>\n\n\n\n<p><strong>D\u00e9couvrez notre mod\u00e8le de CV en ligne, et adaptez le v\u00f4tre !<\/strong><\/p>\n\n\n\n<div data-wp-interactive=\"core\/file\" class=\"wp-block-file\"><object data-wp-bind--hidden=\"!state.hasPdfPreview\"  class=\"wp-block-file__embed\" data=\"https:\/\/www.fore.fr\/apprentissage\/wp-content\/uploads\/2026\/03\/FORE-ALTERNANCE-LE-BON-CV-MARS2026.pdf\" type=\"application\/pdf\" style=\"width:100%;height:600px\" aria-label=\"Contenu embarqu\u00e9 FORE-ALTERNANCE-LE BON CV-MARS2026.\"><\/object><a id=\"wp-block-file--media-14716c58-26a4-4f55-8b4e-594ac7c63b67\" href=\"https:\/\/www.fore.fr\/apprentissage\/wp-content\/uploads\/2026\/03\/FORE-ALTERNANCE-LE-BON-CV-MARS2026.pdf\" target=\"_blank\" rel=\"noreferrer noopener\">FORE-ALTERNANCE-LE BON CV-MARS2026<\/a><a href=\"https:\/\/www.fore.fr\/apprentissage\/wp-content\/uploads\/2026\/03\/FORE-ALTERNANCE-LE-BON-CV-MARS2026.pdf\" class=\"wp-block-file__button wp-element-button\" download aria-describedby=\"wp-block-file--media-14716c58-26a4-4f55-8b4e-594ac7c63b67\">T\u00e9l\u00e9charger<\/a><\/div>\n\n\n\n<h2 class=\"wp-block-heading has-text-color\" style=\"color:#e70031\"><strong>GUIDE DE L&rsquo;ALTERNANT<\/strong><\/h2>\n\n\n\n<p>Le contrat d\u2019apprentissage est un contrat de travail de 35h r\u00e9parti sur des heures en entreprise et des heures de cours selon le planning de votre formation.<br><br><strong>AIDES &amp; DROITS<\/strong><br><strong>APL<\/strong> : Aide pour r\u00e9duire le co\u00fbt du loyer. Plus d&rsquo;infos sur www.caf.fr<br><strong>Prime d\u2019activit\u00e9<\/strong> : Compl\u00e9ment de revenu. Plus d&rsquo;infos sur www.caf.fr<br><strong>Mobili-Jeune <\/strong>: Aide au financement du loyer. Toutes les informations sont sur le<br>site \u201cAction Logement\u201d.<br><strong>Aide au permis<\/strong> : Contactez-nous pour conna\u00eetre les conditions d\u2019\u00e9ligibilit\u00e9.<br><strong>Maison France services <\/strong>: Aides informatiques et d\u00e9marches (Il convient de<br>se rapprocher de votre mairie afin de v\u00e9rifier si cette aide est accord\u00e9e dans<br>votre commune).<br><br><strong>CONG\u00c9S &amp; MALADIE\u00a0<\/strong><br>5 semaines de cong\u00e9s pay\u00e9s par an, \u00e0 poser sur les p\u00e9riodes en entreprise (soit<br>2,5 jours ouvrables\/mois). Voir Article L3141-3 du Code du travail.<br>5 jours de r\u00e9visions, sauf en cas de formation continue \u00e0 l\u2019appr\u00e9ciation de<br>l\u2019employeur. En cas d&rsquo;arr\u00eat maladie, pr\u00e9sentez-vous chez votre m\u00e9decin pour<br>obtenir un arr\u00eat maladie . Ce document devra \u00eatre transmis \u00e0 votre employeur, \u00e0<br>votre organisme de formation (CFA) et \u00e0 votre caisse d&rsquo;assurance maladie.<br>Article L3141-5 \/ Article L1226-1<br><br><strong>INFORMATIONS SUPPL\u00c9MENTAIRES<\/strong>\u00a0<br><strong>S\u00e9curit\u00e9 sociale<\/strong> : Inscription \u00e9ventuelle, consulter le site www.ameli.fr<br><strong>Assurances<\/strong> : Souscrire une responsabilit\u00e9 civile, pour la mutuelle vous pouvez b\u00e9n\u00e9ficier de la mutuelle d\u2019entreprise.<br><strong>Horaires de travail <\/strong>: Respect des r\u00e9glementations sur les horaires de travail, pauses et heures suppl\u00e9mentaires pour les alternants.<br><strong>Tutorat<\/strong> : Un tuteur devra vous \u00eatre attribu\u00e9 d\u00e8s votre prise de poste, cela est obligatoire. Il<br>sera garant de votre suivi et de votre accompagnement.<br><strong>Imp\u00f4t<\/strong> : Cochez la case \u201cApprentissage\u201d, cela vous permettra de ne pas \u00eatre sujet \u00e0 l\u2019imp\u00f4t sur le revenu (dans la limite de 20 800 euros annuel). Cette condition s\u2019applique \u00e9galement si vous \u00eates dans le foyer fiscal de vos parents, vous \u00eates dans ce cas d\u00e9claratif mais non imposable.<br><strong>France travail<\/strong> : Si vous \u00eates demandeur(se) emploi, assurez-vous de faire le bilan avec votre<br>conseiller France Travail, et de nous donner la fiche de situation pr\u00e9cisant la fili\u00e8re choisie.<br><strong>Travailleur RQTH<\/strong> : La pr\u00e9sentation d&rsquo;une attestation MDPH* est requise.<br>*(Maison D\u00e9partementale pour les Personnes Handicap\u00e9es)<br><br><strong>AVANTAGES POTENTIELS<\/strong><br>Les avantages tels que les tickets restaurant, le 13\u00e8me mois, la prime de participation ou les RTT sont des avantages suppl\u00e9mentaires qui ne sont pas obligatoires. Leur attribution d\u00e9pend des dispositions de votre convention collective ou de tout accord pass\u00e9 au sein de votre entreprise. La carte \u00e9tudiante des m\u00e9tiers, remise par le centre de formation, vous  permettra de profiter de nombreux avantages, notamment des r\u00e9ductions tarifaires cin\u00e9ma, transport, etc).<br><br><strong>R\u00c9MUN\u00c9RATION<\/strong><br>Le salaire minimum auquel vous avez droit est d\u00e9fini par la loi sur l\u2019apprentissage ou par votre convention collective et peut varier en fonction de votre exp\u00e9rience professionnelle, de votre \u00e2ge et de la dur\u00e9e de votre contrat. N&rsquo;h\u00e9sitez pas \u00e0 solliciter votre CFA pour toute pr\u00e9cision.<br><strong>A savoir<\/strong> : Il n&rsquo;existe pas de montant maximal d\u00e9fini pour votre salaire. Il y a une possibilit\u00e9 de n\u00e9gocier votre r\u00e9mun\u00e9ration en fonction de vos comp\u00e9tences, de votre exp\u00e9rience et des missions qui vous sont confi\u00e9es.<\/p>\n\n\n\n<div data-wp-interactive=\"core\/file\" class=\"wp-block-file\"><object data-wp-bind--hidden=\"!state.hasPdfPreview\"  class=\"wp-block-file__embed\" data=\"https:\/\/www.fore.fr\/apprentissage\/wp-content\/uploads\/2026\/03\/FORE-ALTERNANCE-GUIDE-ALTERNANT-2026.pdf\" type=\"application\/pdf\" style=\"width:100%;height:600px\" aria-label=\"Contenu embarqu\u00e9 FORE-ALTERNANCE-GUIDE-ALTERNANT-2026.\"><\/object><a id=\"wp-block-file--media-b807decc-bef2-4494-9dc8-59aab3597988\" href=\"https:\/\/www.fore.fr\/apprentissage\/wp-content\/uploads\/2026\/03\/FORE-ALTERNANCE-GUIDE-ALTERNANT-2026.pdf\" target=\"_blank\" rel=\"noreferrer noopener\">FORE-ALTERNANCE-GUIDE-ALTERNANT-2026<\/a><a href=\"https:\/\/www.fore.fr\/apprentissage\/wp-content\/uploads\/2026\/03\/FORE-ALTERNANCE-GUIDE-ALTERNANT-2026.pdf\" class=\"wp-block-file__button wp-element-button\" download aria-describedby=\"wp-block-file--media-b807decc-bef2-4494-9dc8-59aab3597988\">T\u00e9l\u00e9charger<\/a><\/div>\n\n\n\n<h4 class=\"wp-block-heading has-vivid-red-color has-text-color\">VOUS AVEZ UNE QUESTION ?<\/h4>\n\n\n\n<p>Merci de remplir les champs ci-dessous, nous vous r\u00e9pondrons tr\u00e8s rapidement !<\/p>\n\n\n\n<div class=\"wpcf7 no-js\" id=\"wpcf7-f262-o1\" lang=\"fr-FR\" dir=\"ltr\">\n<div class=\"screen-reader-response\"><p role=\"status\" aria-live=\"polite\" aria-atomic=\"true\"><\/p> <ul><\/ul><\/div>\n<form action=\"\/apprentissage\/wp-json\/wp\/v2\/pages\/6384#wpcf7-f262-o1\" method=\"post\" class=\"wpcf7-form init\" aria-label=\"Formulaire de contact\" novalidate=\"novalidate\" data-status=\"init\">\n<div style=\"display: none;\">\n<input type=\"hidden\" name=\"_wpcf7\" value=\"262\" \/>\n<input type=\"hidden\" name=\"_wpcf7_version\" value=\"5.8.4\" \/>\n<input type=\"hidden\" name=\"_wpcf7_locale\" value=\"fr_FR\" \/>\n<input type=\"hidden\" name=\"_wpcf7_unit_tag\" value=\"wpcf7-f262-o1\" \/>\n<input type=\"hidden\" name=\"_wpcf7_container_post\" value=\"0\" \/>\n<input type=\"hidden\" name=\"_wpcf7_posted_data_hash\" value=\"\" \/>\n<\/div>\n<p><label> Votre nom (obligatoire)<br \/>\n<span class=\"wpcf7-form-control-wrap\" data-name=\"your-name\"><input size=\"40\" class=\"wpcf7-form-control wpcf7-text wpcf7-validates-as-required\" aria-required=\"true\" aria-invalid=\"false\" value=\"\" type=\"text\" name=\"your-name\" \/><\/span> <\/label><br \/>\n<label> Entreprise<br \/>\n<span class=\"wpcf7-form-control-wrap\" data-name=\"Entreprise\"><input size=\"40\" class=\"wpcf7-form-control wpcf7-text\" aria-invalid=\"false\" value=\"\" type=\"text\" name=\"Entreprise\" \/><\/span><\/label><br \/>\n<label> Votre adresse de messagerie (obligatoire)<br \/>\n<span class=\"wpcf7-form-control-wrap\" data-name=\"your-email\"><input size=\"40\" class=\"wpcf7-form-control wpcf7-email wpcf7-validates-as-required wpcf7-text wpcf7-validates-as-email\" aria-required=\"true\" aria-invalid=\"false\" value=\"\" type=\"email\" name=\"your-email\" \/><\/span> <\/label>\n<\/p>\n<p><label> Objet<br \/>\n<span class=\"wpcf7-form-control-wrap\" data-name=\"your-subject\"><input size=\"40\" class=\"wpcf7-form-control wpcf7-text\" aria-invalid=\"false\" value=\"\" type=\"text\" name=\"your-subject\" \/><\/span> <\/label>\n<\/p>\n<p><label> Votre message<br \/>\n<span class=\"wpcf7-form-control-wrap\" data-name=\"your-message\"><textarea cols=\"40\" rows=\"10\" class=\"wpcf7-form-control wpcf7-textarea\" aria-invalid=\"false\" name=\"your-message\"><\/textarea><\/span> <\/label>\n<\/p>\n<p><input class=\"wpcf7-form-control wpcf7-submit has-spinner\" type=\"submit\" value=\"Envoyer\" \/>\n<\/p><p style=\"display: none !important;\"><label>&#916;<textarea name=\"_wpcf7_ak_hp_textarea\" cols=\"45\" rows=\"8\" maxlength=\"100\"><\/textarea><\/label><input type=\"hidden\" id=\"ak_js_1\" name=\"_wpcf7_ak_js\" value=\"225\"\/><script>document.getElementById( \"ak_js_1\" ).setAttribute( \"value\", ( new Date() ).getTime() );<\/script><\/p><div class=\"wpcf7-response-output\" aria-hidden=\"true\"><\/div>\n<\/form>\n<\/div>\n\n","protected":false},"excerpt":{"rendered":"<p>Vos Outils LE BON CV D\u00e9couvrez notre mod\u00e8le de CV en ligne, et adaptez le v\u00f4tre ! GUIDE DE L&rsquo;ALTERNANT Le contrat d\u2019apprentissage est un contrat de travail de 35h r\u00e9parti sur des heures en entreprise et des heures de cours selon le planning de votre formation. AIDES &amp; DROITSAPL : Aide pour r\u00e9duire le &hellip; <\/p>\n<p class=\"link-more\"><a href=\"https:\/\/www.fore.fr\/apprentissage\/outils\/\" class=\"more-link\">Continuer la lecture<span class=\"screen-reader-text\"> de &laquo;&nbsp;Vos Outils&nbsp;&raquo;<\/span><\/a><\/p>\n","protected":false},"author":1,"featured_media":0,"parent":0,"menu_order":0,"comment_status":"closed","ping_status":"closed","template":"","meta":{"footnotes":""},"class_list":["post-6384","page","type-page","status-publish","hentry"],"yoast_head":"<!-- This site is optimized with the Yoast SEO plugin v21.6 - https:\/\/yoast.com\/wordpress\/plugins\/seo\/ -->\n<title>Vos Outils - FORE ALTERNANCE<\/title>\n<meta name=\"description\" content=\"Mod\u00e8le de CV, Outils Etudiant, Mini-guide de l&#039;alternant FORE ALTERNANCE\" \/>\n<meta name=\"robots\" content=\"index, follow, max-snippet:-1, max-image-preview:large, max-video-preview:-1\" \/>\n<link rel=\"canonical\" href=\"https:\/\/www.fore.fr\/apprentissage\/outils\/\" \/>\n<meta property=\"og:locale\" content=\"fr_FR\" \/>\n<meta property=\"og:type\" content=\"article\" \/>\n<meta property=\"og:title\" content=\"Vos Outils - FORE ALTERNANCE\" \/>\n<meta property=\"og:description\" content=\"Mod\u00e8le de CV, Outils Etudiant, Mini-guide de l&#039;alternant FORE ALTERNANCE\" \/>\n<meta property=\"og:url\" content=\"https:\/\/www.fore.fr\/apprentissage\/outils\/\" \/>\n<meta property=\"og:site_name\" content=\"FORE ALTERNANCE\" \/>\n<meta property=\"article:publisher\" content=\"https:\/\/www.facebook.com\/Fore97\" \/>\n<meta property=\"article:modified_time\" content=\"2026-03-31T13:56:23+00:00\" \/>\n<meta name=\"twitter:card\" content=\"summary_large_image\" \/>\n<meta name=\"twitter:label1\" content=\"Dur\u00e9e de lecture estim\u00e9e\" \/>\n\t<meta name=\"twitter:data1\" content=\"3 minutes\" \/>\n<script type=\"application\/ld+json\" class=\"yoast-schema-graph\">{\"@context\":\"https:\/\/schema.org\",\"@graph\":[{\"@type\":\"WebPage\",\"@id\":\"https:\/\/www.fore.fr\/apprentissage\/outils\/\",\"url\":\"https:\/\/www.fore.fr\/apprentissage\/outils\/\",\"name\":\"Vos Outils - FORE ALTERNANCE\",\"isPartOf\":{\"@id\":\"https:\/\/www.fore.fr\/apprentissage\/#website\"},\"datePublished\":\"2025-01-28T13:01:54+00:00\",\"dateModified\":\"2026-03-31T13:56:23+00:00\",\"description\":\"Mod\u00e8le de CV, Outils Etudiant, Mini-guide de l'alternant FORE ALTERNANCE\",\"breadcrumb\":{\"@id\":\"https:\/\/www.fore.fr\/apprentissage\/outils\/#breadcrumb\"},\"inLanguage\":\"fr-FR\",\"potentialAction\":[{\"@type\":\"ReadAction\",\"target\":[\"https:\/\/www.fore.fr\/apprentissage\/outils\/\"]}]},{\"@type\":\"BreadcrumbList\",\"@id\":\"https:\/\/www.fore.fr\/apprentissage\/outils\/#breadcrumb\",\"itemListElement\":[{\"@type\":\"ListItem\",\"position\":1,\"name\":\"Accueil\",\"item\":\"https:\/\/www.fore.fr\/apprentissage\/\"},{\"@type\":\"ListItem\",\"position\":2,\"name\":\"Vos Outils\"}]},{\"@type\":\"WebSite\",\"@id\":\"https:\/\/www.fore.fr\/apprentissage\/#website\",\"url\":\"https:\/\/www.fore.fr\/apprentissage\/\",\"name\":\"FORE ALTERNANCE\",\"description\":\"D\u00c9COUVREZ NOTRE OFFRE DE FORMATION COMPL\u00c8TE EN APPRENTISSAGE &amp; PROFESSIONNALISATION !\",\"publisher\":{\"@id\":\"https:\/\/www.fore.fr\/apprentissage\/#organization\"},\"potentialAction\":[{\"@type\":\"SearchAction\",\"target\":{\"@type\":\"EntryPoint\",\"urlTemplate\":\"https:\/\/www.fore.fr\/apprentissage\/?s={search_term_string}\"},\"query-input\":\"required name=search_term_string\"}],\"inLanguage\":\"fr-FR\"},{\"@type\":\"Organization\",\"@id\":\"https:\/\/www.fore.fr\/apprentissage\/#organization\",\"name\":\"Fore\",\"url\":\"https:\/\/www.fore.fr\/apprentissage\/\",\"logo\":{\"@type\":\"ImageObject\",\"inLanguage\":\"fr-FR\",\"@id\":\"https:\/\/www.fore.fr\/apprentissage\/#\/schema\/logo\/image\/\",\"url\":\"\",\"contentUrl\":\"\",\"caption\":\"Fore\"},\"image\":{\"@id\":\"https:\/\/www.fore.fr\/apprentissage\/#\/schema\/logo\/image\/\"},\"sameAs\":[\"https:\/\/www.facebook.com\/Fore97\",\"https:\/\/www.instagram.com\/fore.formation\"]}]}<\/script>\n<!-- \/ Yoast SEO plugin. -->","yoast_head_json":{"title":"Vos Outils - FORE ALTERNANCE","description":"Mod\u00e8le de CV, Outils Etudiant, Mini-guide de l'alternant FORE ALTERNANCE","robots":{"index":"index","follow":"follow","max-snippet":"max-snippet:-1","max-image-preview":"max-image-preview:large","max-video-preview":"max-video-preview:-1"},"canonical":"https:\/\/www.fore.fr\/apprentissage\/outils\/","og_locale":"fr_FR","og_type":"article","og_title":"Vos Outils - FORE ALTERNANCE","og_description":"Mod\u00e8le de CV, Outils Etudiant, Mini-guide de l'alternant FORE ALTERNANCE","og_url":"https:\/\/www.fore.fr\/apprentissage\/outils\/","og_site_name":"FORE ALTERNANCE","article_publisher":"https:\/\/www.facebook.com\/Fore97","article_modified_time":"2026-03-31T13:56:23+00:00","twitter_card":"summary_large_image","twitter_misc":{"Dur\u00e9e de lecture estim\u00e9e":"3 minutes"},"schema":{"@context":"https:\/\/schema.org","@graph":[{"@type":"WebPage","@id":"https:\/\/www.fore.fr\/apprentissage\/outils\/","url":"https:\/\/www.fore.fr\/apprentissage\/outils\/","name":"Vos Outils - FORE ALTERNANCE","isPartOf":{"@id":"https:\/\/www.fore.fr\/apprentissage\/#website"},"datePublished":"2025-01-28T13:01:54+00:00","dateModified":"2026-03-31T13:56:23+00:00","description":"Mod\u00e8le de CV, Outils Etudiant, Mini-guide de l'alternant FORE ALTERNANCE","breadcrumb":{"@id":"https:\/\/www.fore.fr\/apprentissage\/outils\/#breadcrumb"},"inLanguage":"fr-FR","potentialAction":[{"@type":"ReadAction","target":["https:\/\/www.fore.fr\/apprentissage\/outils\/"]}]},{"@type":"BreadcrumbList","@id":"https:\/\/www.fore.fr\/apprentissage\/outils\/#breadcrumb","itemListElement":[{"@type":"ListItem","position":1,"name":"Accueil","item":"https:\/\/www.fore.fr\/apprentissage\/"},{"@type":"ListItem","position":2,"name":"Vos Outils"}]},{"@type":"WebSite","@id":"https:\/\/www.fore.fr\/apprentissage\/#website","url":"https:\/\/www.fore.fr\/apprentissage\/","name":"FORE ALTERNANCE","description":"D\u00c9COUVREZ NOTRE OFFRE DE FORMATION COMPL\u00c8TE EN APPRENTISSAGE &amp; PROFESSIONNALISATION !","publisher":{"@id":"https:\/\/www.fore.fr\/apprentissage\/#organization"},"potentialAction":[{"@type":"SearchAction","target":{"@type":"EntryPoint","urlTemplate":"https:\/\/www.fore.fr\/apprentissage\/?s={search_term_string}"},"query-input":"required name=search_term_string"}],"inLanguage":"fr-FR"},{"@type":"Organization","@id":"https:\/\/www.fore.fr\/apprentissage\/#organization","name":"Fore","url":"https:\/\/www.fore.fr\/apprentissage\/","logo":{"@type":"ImageObject","inLanguage":"fr-FR","@id":"https:\/\/www.fore.fr\/apprentissage\/#\/schema\/logo\/image\/","url":"","contentUrl":"","caption":"Fore"},"image":{"@id":"https:\/\/www.fore.fr\/apprentissage\/#\/schema\/logo\/image\/"},"sameAs":["https:\/\/www.facebook.com\/Fore97","https:\/\/www.instagram.com\/fore.formation"]}]}},"_links":{"self":[{"href":"https:\/\/www.fore.fr\/apprentissage\/wp-json\/wp\/v2\/pages\/6384"}],"collection":[{"href":"https:\/\/www.fore.fr\/apprentissage\/wp-json\/wp\/v2\/pages"}],"about":[{"href":"https:\/\/www.fore.fr\/apprentissage\/wp-json\/wp\/v2\/types\/page"}],"author":[{"embeddable":true,"href":"https:\/\/www.fore.fr\/apprentissage\/wp-json\/wp\/v2\/users\/1"}],"replies":[{"embeddable":true,"href":"https:\/\/www.fore.fr\/apprentissage\/wp-json\/wp\/v2\/comments?post=6384"}],"version-history":[{"count":7,"href":"https:\/\/www.fore.fr\/apprentissage\/wp-json\/wp\/v2\/pages\/6384\/revisions"}],"predecessor-version":[{"id":8751,"href":"https:\/\/www.fore.fr\/apprentissage\/wp-json\/wp\/v2\/pages\/6384\/revisions\/8751"}],"wp:attachment":[{"href":"https:\/\/www.fore.fr\/apprentissage\/wp-json\/wp\/v2\/media?parent=6384"}],"curies":[{"name":"wp","href":"https:\/\/api.w.org\/{rel}","templated":true}]}}