{"id":2339,"date":"2022-02-10T20:59:44","date_gmt":"2022-02-10T19:59:44","guid":{"rendered":"https:\/\/www.fore.fr\/entreprise\/?page_id=2339"},"modified":"2023-12-19T19:26:40","modified_gmt":"2023-12-19T18:26:40","slug":"nos-partenaires","status":"publish","type":"page","link":"https:\/\/www.fore.fr\/entreprise\/nos-partenaires\/","title":{"rendered":"Nos Partenaires"},"content":{"rendered":"\n<p>Afin de vous aider \u00e0 trouver une formation dans le cadre de votre d\u00e9veloppement professionnel nous avons d\u00e9velopp\u00e9 des partenariats avec des acteurs-cl\u00e9s de la formation aux Antilles.<\/p>\n\n\n\n<div class=\"wp-block-group\"><div class=\"wp-block-group__inner-container is-layout-flow wp-block-group-is-layout-flow\">\n<hr class=\"wp-block-separator has-css-opacity is-style-wide\"\/>\n\n\n\n<div class=\"wp-block-media-text alignwide is-stacked-on-mobile\" style=\"grid-template-columns:29% auto\"><figure class=\"wp-block-media-text__media\"><a href=\"https:\/\/lesacteursdelacompetence.fr\" target=\"_blank\" rel=\"noopener\"><img loading=\"lazy\" decoding=\"async\" width=\"1024\" height=\"447\" src=\"https:\/\/www.fore.fr\/entreprise\/wp-content\/uploads\/2022\/02\/ACT_logotype_cartouche_rvb.jpg-1024x447-1.png\" alt=\"\" class=\"wp-image-2340 size-full\" srcset=\"https:\/\/www.fore.fr\/entreprise\/wp-content\/uploads\/2022\/02\/ACT_logotype_cartouche_rvb.jpg-1024x447-1.png 1024w, https:\/\/www.fore.fr\/entreprise\/wp-content\/uploads\/2022\/02\/ACT_logotype_cartouche_rvb.jpg-1024x447-1-300x131.png 300w, https:\/\/www.fore.fr\/entreprise\/wp-content\/uploads\/2022\/02\/ACT_logotype_cartouche_rvb.jpg-1024x447-1-768x335.png 768w\" sizes=\"auto, (max-width: 767px) 89vw, (max-width: 1000px) 54vw, (max-width: 1071px) 543px, 580px\" \/><\/a><\/figure><div class=\"wp-block-media-text__content\">\n<p class=\"has-small-font-size\"><strong>LES ACTEURS DE LA COMPETENCE<\/strong><br><a href=\"https:\/\/lesacteursdelacompetence.fr\" target=\"_blank\" rel=\"noreferrer noopener\">https:\/\/lesacteursdelacompetence.fr<\/a><\/p>\n<\/div><\/div>\n\n\n\n<hr class=\"wp-block-separator has-css-opacity is-style-wide\"\/>\n\n\n\n<div class=\"wp-block-media-text alignwide is-stacked-on-mobile\" style=\"grid-template-columns:29% auto\"><figure class=\"wp-block-media-text__media\"><a href=\"https:\/\/www.cesi.fr\" target=\"_blank\" rel=\"noopener\"><img loading=\"lazy\" decoding=\"async\" width=\"386\" height=\"158\" src=\"https:\/\/www.fore.fr\/entreprise\/wp-content\/uploads\/2022\/02\/logo-cesi.png\" alt=\"\" class=\"wp-image-2341 size-full\" srcset=\"https:\/\/www.fore.fr\/entreprise\/wp-content\/uploads\/2022\/02\/logo-cesi.png 386w, https:\/\/www.fore.fr\/entreprise\/wp-content\/uploads\/2022\/02\/logo-cesi-300x123.png 300w\" sizes=\"auto, (max-width: 386px) 100vw, 386px\" \/><\/a><\/figure><div class=\"wp-block-media-text__content\">\n<p class=\"has-small-font-size\"><strong>CESI<\/strong><br><a href=\"https:\/\/www.cesi.fr\" target=\"_blank\" rel=\"noreferrer noopener\">https:\/\/www.cesi.fr<\/a><\/p>\n<\/div><\/div>\n\n\n\n<hr class=\"wp-block-separator has-css-opacity is-style-wide\"\/>\n\n\n\n<div class=\"wp-block-media-text alignwide is-stacked-on-mobile\" style=\"grid-template-columns:25% auto\"><figure class=\"wp-block-media-text__media\"><a href=\"https:\/\/www.ifocop.fr\" target=\"_blank\" rel=\"noopener\"><img loading=\"lazy\" decoding=\"async\" width=\"450\" height=\"220\" src=\"https:\/\/www.fore.fr\/entreprise\/wp-content\/uploads\/2022\/02\/ifocop-logo.png\" alt=\"\" class=\"wp-image-2342 size-full\" srcset=\"https:\/\/www.fore.fr\/entreprise\/wp-content\/uploads\/2022\/02\/ifocop-logo.png 450w, https:\/\/www.fore.fr\/entreprise\/wp-content\/uploads\/2022\/02\/ifocop-logo-300x147.png 300w\" sizes=\"auto, (max-width: 450px) 100vw, 450px\" \/><\/a><\/figure><div class=\"wp-block-media-text__content\">\n<p class=\"has-small-font-size\"><strong>IFOCOP<\/strong><br><a rel=\"noreferrer noopener\" href=\"https:\/\/www.ifocop.fr\/\" target=\"_blank\">https:\/\/www.ifocop.fr<\/a><\/p>\n<\/div><\/div>\n\n\n\n<hr class=\"wp-block-separator has-css-opacity is-style-wide\"\/>\n\n\n\n<div class=\"wp-block-media-text alignwide is-stacked-on-mobile\" style=\"grid-template-columns:26% auto\"><figure class=\"wp-block-media-text__media\"><a href=\"https:\/\/www.transitionspro-guadeloupe.fr\/\" target=\"_blank\" rel=\"noopener\"><img loading=\"lazy\" decoding=\"async\" width=\"191\" height=\"85\" src=\"https:\/\/www.fore.fr\/entreprise\/wp-content\/uploads\/2022\/02\/TRANSITIONSPRO_GUADELOUPE_RVB-1.png\" alt=\"\" class=\"wp-image-2343 size-full\"\/><\/a><\/figure><div class=\"wp-block-media-text__content\">\n<p class=\"has-small-font-size\"><strong>TRANSITION PRO<\/strong><br><a href=\"https:\/\/www.transitionspro-guadeloupe.fr\/\" target=\"_blank\" rel=\"noreferrer noopener\">https:\/\/www.transitionspro-guadeloupe.fr\/<\/a><\/p>\n<\/div><\/div>\n\n\n\n<hr class=\"wp-block-separator has-css-opacity is-style-wide\"\/>\n\n\n\n<div class=\"wp-block-media-text alignwide is-stacked-on-mobile\" style=\"grid-template-columns:25% auto\"><figure class=\"wp-block-media-text__media\"><a href=\"https:\/\/www.pole-emploi.fr\/\" target=\"_blank\" rel=\"noopener\"><img loading=\"lazy\" decoding=\"async\" width=\"358\" height=\"141\" src=\"https:\/\/www.fore.fr\/entreprise\/wp-content\/uploads\/2022\/02\/te\u0301le\u0301chargement.png\" alt=\"\" class=\"wp-image-2344 size-full\" srcset=\"https:\/\/www.fore.fr\/entreprise\/wp-content\/uploads\/2022\/02\/te\u0301le\u0301chargement.png 358w, https:\/\/www.fore.fr\/entreprise\/wp-content\/uploads\/2022\/02\/te\u0301le\u0301chargement-300x118.png 300w\" sizes=\"auto, (max-width: 358px) 100vw, 358px\" \/><\/a><\/figure><div class=\"wp-block-media-text__content\">\n<p class=\"has-small-font-size\"><strong>P\u00d4LE EMPLOI<\/strong><br><a href=\"https:\/\/www.pole-emploi.fr\/\" target=\"_blank\" rel=\"noreferrer noopener\">https:\/\/www.pole-emploi.fr<\/a><\/p>\n<\/div><\/div>\n\n\n\n<hr class=\"wp-block-separator has-css-opacity is-style-wide\"\/>\n\n\n\n<div class=\"wp-block-media-text alignwide is-stacked-on-mobile\" style=\"grid-template-columns:28% auto\"><figure class=\"wp-block-media-text__media\"><a href=\"https:\/\/www.regionguadeloupe.fr\/\" target=\"_blank\" rel=\"noopener\"><img loading=\"lazy\" decoding=\"async\" width=\"898\" height=\"423\" src=\"https:\/\/www.fore.fr\/entreprise\/wp-content\/uploads\/2022\/02\/cr-guadeloupe-1.png\" alt=\"\" class=\"wp-image-2345 size-full\" srcset=\"https:\/\/www.fore.fr\/entreprise\/wp-content\/uploads\/2022\/02\/cr-guadeloupe-1.png 898w, https:\/\/www.fore.fr\/entreprise\/wp-content\/uploads\/2022\/02\/cr-guadeloupe-1-300x141.png 300w, https:\/\/www.fore.fr\/entreprise\/wp-content\/uploads\/2022\/02\/cr-guadeloupe-1-768x362.png 768w\" sizes=\"auto, (max-width: 767px) 89vw, (max-width: 1000px) 54vw, (max-width: 1071px) 543px, 580px\" \/><\/a><\/figure><div class=\"wp-block-media-text__content\">\n<p class=\"has-small-font-size\"><strong>REGION GUADELOUPE<\/strong><br><a href=\"https:\/\/www.regionguadeloupe.fr\" target=\"_blank\" rel=\"noreferrer noopener\">https:\/\/www.regionguadeloupe.fr<\/a><\/p>\n<\/div><\/div>\n\n\n\n<hr class=\"wp-block-separator has-css-opacity is-style-wide\"\/>\n\n\n\n<div class=\"wp-block-media-text alignwide is-stacked-on-mobile\" style=\"grid-template-columns:34% auto\"><figure class=\"wp-block-media-text__media\"><a href=\"https:\/\/guadeloupe.deets.gouv.fr\/\" target=\"_blank\" rel=\"noopener\"><img loading=\"lazy\" decoding=\"async\" width=\"701\" height=\"240\" src=\"https:\/\/www.fore.fr\/entreprise\/wp-content\/uploads\/2023\/02\/siteon0.png\" alt=\"\" class=\"wp-image-3427 size-full\" srcset=\"https:\/\/www.fore.fr\/entreprise\/wp-content\/uploads\/2023\/02\/siteon0.png 701w, https:\/\/www.fore.fr\/entreprise\/wp-content\/uploads\/2023\/02\/siteon0-300x103.png 300w\" sizes=\"auto, (max-width: 701px) 100vw, 701px\" \/><\/a><\/figure><div class=\"wp-block-media-text__content\">\n<p class=\"has-small-font-size\"><strong>DEETS<\/strong><br><a href=\"https:\/\/guadeloupe.deets.gouv.fr\/\">https:\/\/guadeloupe.deets.gouv<\/a><a href=\"https:\/\/guadeloupe.deets.gouv.fr\/\" target=\"_blank\" rel=\"noreferrer noopener\">.fr\/<\/a><\/p>\n<\/div><\/div>\n\n\n\n<hr class=\"wp-block-separator has-css-opacity is-style-wide\"\/>\n\n\n\n<div class=\"wp-block-media-text alignwide is-stacked-on-mobile\" style=\"grid-template-columns:24% auto\"><figure class=\"wp-block-media-text__media\"><a href=\"https:\/\/www.cg971.fr\/\" target=\"_blank\" rel=\"noopener\"><img loading=\"lazy\" decoding=\"async\" width=\"184\" height=\"110\" src=\"https:\/\/www.fore.fr\/entreprise\/wp-content\/uploads\/2023\/02\/cd971_logo.png\" alt=\"\" class=\"wp-image-3425 size-full\"\/><\/a><\/figure><div class=\"wp-block-media-text__content\">\n<p class=\"has-small-font-size\"><strong>CONSEIL D\u00c9PARTEMENTAL DE LA GUADELOUPE<\/strong><br><a href=\"https:\/\/www.cg971.fr\/\" target=\"_blank\" rel=\"noreferrer noopener\">https:\/\/www.cg971.fr\/<\/a><\/p>\n<\/div><\/div>\n\n\n\n<hr class=\"wp-block-separator has-css-opacity is-style-wide\"\/>\n\n\n\n<div class=\"wp-block-media-text alignwide is-stacked-on-mobile\" style=\"grid-template-columns:24% auto\"><figure class=\"wp-block-media-text__media\"><a href=\"https:\/\/www.akto.fr\/\" target=\"_blank\" rel=\"noopener\"><img loading=\"lazy\" decoding=\"async\" width=\"1024\" height=\"576\" src=\"https:\/\/www.fore.fr\/entreprise\/wp-content\/uploads\/2023\/02\/AKTO-LOGO-1024x576.png\" alt=\"\" class=\"wp-image-3431 size-full\" srcset=\"https:\/\/www.fore.fr\/entreprise\/wp-content\/uploads\/2023\/02\/AKTO-LOGO-1024x576.png 1024w, https:\/\/www.fore.fr\/entreprise\/wp-content\/uploads\/2023\/02\/AKTO-LOGO-300x169.png 300w, https:\/\/www.fore.fr\/entreprise\/wp-content\/uploads\/2023\/02\/AKTO-LOGO-768x432.png 768w, https:\/\/www.fore.fr\/entreprise\/wp-content\/uploads\/2023\/02\/AKTO-LOGO-1536x864.png 1536w, https:\/\/www.fore.fr\/entreprise\/wp-content\/uploads\/2023\/02\/AKTO-LOGO.png 1920w\" sizes=\"auto, (max-width: 767px) 89vw, (max-width: 1000px) 54vw, (max-width: 1071px) 543px, 580px\" \/><\/a><\/figure><div class=\"wp-block-media-text__content\">\n<p class=\"has-small-font-size\"><strong>AKTO<\/strong><br><a href=\"https:\/\/www.akto.fr\/\" target=\"_blank\" rel=\"noreferrer noopener\">https:\/\/www.akto.fr\/<\/a><\/p>\n<\/div><\/div>\n\n\n\n<hr class=\"wp-block-separator has-css-opacity is-style-wide\"\/>\n\n\n\n<div class=\"wp-block-media-text alignwide is-stacked-on-mobile\" style=\"grid-template-columns:17% auto\"><figure class=\"wp-block-media-text__media\"><a href=\"https:\/\/www.ocapiat.fr\/\" target=\"_blank\" rel=\"noopener\"><img loading=\"lazy\" decoding=\"async\" width=\"237\" height=\"237\" src=\"https:\/\/www.fore.fr\/entreprise\/wp-content\/uploads\/2023\/02\/Logo-Ocapiat-test-site-02.png\" alt=\"\" class=\"wp-image-3433 size-full\" srcset=\"https:\/\/www.fore.fr\/entreprise\/wp-content\/uploads\/2023\/02\/Logo-Ocapiat-test-site-02.png 237w, https:\/\/www.fore.fr\/entreprise\/wp-content\/uploads\/2023\/02\/Logo-Ocapiat-test-site-02-150x150.png 150w, https:\/\/www.fore.fr\/entreprise\/wp-content\/uploads\/2023\/02\/Logo-Ocapiat-test-site-02-100x100.png 100w\" sizes=\"auto, (max-width: 237px) 100vw, 237px\" \/><\/a><\/figure><div class=\"wp-block-media-text__content\">\n<p class=\"has-small-font-size\"><strong>OCAPIAT<\/strong><br><a href=\"https:\/\/www.ocapiat.fr\/\" target=\"_blank\" rel=\"noreferrer noopener\">https:\/\/www.ocapiat.fr\/<\/a><\/p>\n<\/div><\/div>\n\n\n\n<hr class=\"wp-block-separator has-css-opacity is-style-wide\"\/>\n\n\n\n<div class=\"wp-block-media-text alignwide is-stacked-on-mobile\" style=\"grid-template-columns:22% auto\"><figure class=\"wp-block-media-text__media\"><a href=\"https:\/\/www.constructys.fr\/\" target=\"_blank\" rel=\"noopener\"><img loading=\"lazy\" decoding=\"async\" width=\"215\" height=\"99\" src=\"https:\/\/www.fore.fr\/entreprise\/wp-content\/uploads\/2023\/02\/logo-constructys.gif\" alt=\"\" class=\"wp-image-3436 size-full\"\/><\/a><\/figure><div class=\"wp-block-media-text__content\">\n<p class=\"has-small-font-size\"><strong>CONSTRUCTYS<\/strong><br><a href=\"https:\/\/www.constructys.fr\/\" data-type=\"URL\" data-id=\"https:\/\/www.constructys.fr\/\" target=\"_blank\" rel=\"noreferrer noopener\">https:\/\/www.constructys.fr\/<\/a><\/p>\n<\/div><\/div>\n\n\n\n<hr class=\"wp-block-separator has-css-opacity is-style-wide\"\/>\n\n\n\n<div class=\"wp-block-media-text alignwide is-stacked-on-mobile\" style=\"grid-template-columns:19% auto\"><figure class=\"wp-block-media-text__media\"><a href=\"https:\/\/www.opcoep.fr\/\" target=\"_blank\" rel=\"noopener\"><img loading=\"lazy\" decoding=\"async\" width=\"300\" height=\"160\" src=\"https:\/\/www.fore.fr\/entreprise\/wp-content\/uploads\/2023\/02\/opco-ep.png\" alt=\"\" class=\"wp-image-3440 size-full\"\/><\/a><\/figure><div class=\"wp-block-media-text__content\">\n<p class=\"has-small-font-size\"><strong>OPCO EP<\/strong><br><a href=\"https:\/\/www.opcoep.fr\/\" data-type=\"URL\" data-id=\"https:\/\/www.opcoep.fr\/\" target=\"_blank\" rel=\"noreferrer noopener\">https:\/\/www.opcoep.fr\/<\/a><\/p>\n<\/div><\/div>\n\n\n\n<hr class=\"wp-block-separator has-css-opacity is-style-wide\"\/>\n\n\n\n<div class=\"wp-block-media-text alignwide is-stacked-on-mobile\" style=\"grid-template-columns:19% auto\"><figure class=\"wp-block-media-text__media\"><a href=\"https:\/\/www.afdas.com\/\" target=\"_blank\" rel=\"noopener\"><img loading=\"lazy\" decoding=\"async\" width=\"680\" height=\"214\" src=\"https:\/\/www.fore.fr\/entreprise\/wp-content\/uploads\/2023\/02\/AFDAS.png\" alt=\"\" class=\"wp-image-3442 size-full\" srcset=\"https:\/\/www.fore.fr\/entreprise\/wp-content\/uploads\/2023\/02\/AFDAS.png 680w, https:\/\/www.fore.fr\/entreprise\/wp-content\/uploads\/2023\/02\/AFDAS-300x94.png 300w\" sizes=\"auto, (max-width: 680px) 100vw, 680px\" \/><\/a><\/figure><div class=\"wp-block-media-text__content\">\n<p class=\"has-small-font-size\"><strong>AFDAS<\/strong><br><a href=\"https:\/\/www.afdas.com\/\" data-type=\"URL\" data-id=\"https:\/\/www.afdas.com\/\" target=\"_blank\" rel=\"noreferrer noopener\">https:\/\/www.afdas.com\/<\/a><\/p>\n<\/div><\/div>\n\n\n\n<hr class=\"wp-block-separator has-css-opacity is-style-wide\"\/>\n\n\n\n<div class=\"wp-block-media-text alignwide is-stacked-on-mobile\" style=\"grid-template-columns:22% auto\"><figure class=\"wp-block-media-text__media\"><a href=\"https:\/\/www.geiq-guadeloupe.fr\/\" target=\"_blank\" rel=\"noopener\"><img loading=\"lazy\" decoding=\"async\" width=\"250\" height=\"52\" src=\"https:\/\/www.fore.fr\/entreprise\/wp-content\/uploads\/2023\/02\/LOGO-GEIQ-ARCHIPEL-GUADELOUPE-e1574780802404.jpg\" alt=\"\" class=\"wp-image-3444 size-full\"\/><\/a><\/figure><div class=\"wp-block-media-text__content\">\n<p class=\"has-small-font-size\"><strong>GEIQ Archipel Guadeloupe<\/strong><br><a href=\"https:\/\/www.geiq-guadeloupe.fr\/\" data-type=\"URL\" data-id=\"https:\/\/www.geiq-guadeloupe.fr\/\" target=\"_blank\" rel=\"noreferrer noopener\">https:\/\/www.geiq-guadeloupe.fr\/<\/a><\/p>\n<\/div><\/div>\n<\/div><\/div>\n\n\n\n<hr class=\"wp-block-separator has-css-opacity is-style-wide\"\/>\n\n\n\n<p><strong>N\u2019h\u00e9sitez pas \u00e0 nous contacter.<br>0590 38 00 40 \/ <a href=\"mailto:fore.entreprise@fore.fr\">fore.entreprise@fore.fr<\/a> <\/strong><\/p>\n\n\n\n<figure class=\"wp-block-image size-full\"><img loading=\"lazy\" decoding=\"async\" width=\"800\" height=\"268\" src=\"https:\/\/www.fore.fr\/entreprise\/wp-content\/uploads\/2023\/12\/banniere-qualiopi-entreprise.jpg\" alt=\"\" class=\"wp-image-3726\" srcset=\"https:\/\/www.fore.fr\/entreprise\/wp-content\/uploads\/2023\/12\/banniere-qualiopi-entreprise.jpg 800w, https:\/\/www.fore.fr\/entreprise\/wp-content\/uploads\/2023\/12\/banniere-qualiopi-entreprise-300x101.jpg 300w, https:\/\/www.fore.fr\/entreprise\/wp-content\/uploads\/2023\/12\/banniere-qualiopi-entreprise-768x257.jpg 768w\" sizes=\"auto, (max-width: 767px) 89vw, (max-width: 1000px) 54vw, (max-width: 1071px) 543px, 580px\" \/><\/figure>\n","protected":false},"excerpt":{"rendered":"<p>Afin de vous aider \u00e0 trouver une formation dans le cadre de votre d\u00e9veloppement professionnel nous avons d\u00e9velopp\u00e9 des partenariats avec des acteurs-cl\u00e9s de la formation aux Antilles. LES ACTEURS DE LA COMPETENCEhttps:\/\/lesacteursdelacompetence.fr CESIhttps:\/\/www.cesi.fr IFOCOPhttps:\/\/www.ifocop.fr TRANSITION PROhttps:\/\/www.transitionspro-guadeloupe.fr\/ P\u00d4LE EMPLOIhttps:\/\/www.pole-emploi.fr REGION GUADELOUPEhttps:\/\/www.regionguadeloupe.fr DEETShttps:\/\/guadeloupe.deets.gouv.fr\/ CONSEIL D\u00c9PARTEMENTAL DE LA GUADELOUPEhttps:\/\/www.cg971.fr\/ AKTOhttps:\/\/www.akto.fr\/ OCAPIAThttps:\/\/www.ocapiat.fr\/ CONSTRUCTYShttps:\/\/www.constructys.fr\/ OPCO EPhttps:\/\/www.opcoep.fr\/ AFDAShttps:\/\/www.afdas.com\/ GEIQ Archipel &hellip; <\/p>\n<p class=\"link-more\"><a href=\"https:\/\/www.fore.fr\/entreprise\/nos-partenaires\/\" class=\"more-link\">Continuer la lecture<span class=\"screen-reader-text\"> de &laquo;&nbsp;Nos Partenaires&nbsp;&raquo;<\/span><\/a><\/p>\n","protected":false},"author":1,"featured_media":0,"parent":0,"menu_order":0,"comment_status":"closed","ping_status":"closed","template":"","meta":{"footnotes":""},"class_list":["post-2339","page","type-page","status-publish","hentry"],"_links":{"self":[{"href":"https:\/\/www.fore.fr\/entreprise\/wp-json\/wp\/v2\/pages\/2339","targetHints":{"allow":["GET"]}}],"collection":[{"href":"https:\/\/www.fore.fr\/entreprise\/wp-json\/wp\/v2\/pages"}],"about":[{"href":"https:\/\/www.fore.fr\/entreprise\/wp-json\/wp\/v2\/types\/page"}],"author":[{"embeddable":true,"href":"https:\/\/www.fore.fr\/entreprise\/wp-json\/wp\/v2\/users\/1"}],"replies":[{"embeddable":true,"href":"https:\/\/www.fore.fr\/entreprise\/wp-json\/wp\/v2\/comments?post=2339"}],"version-history":[{"count":19,"href":"https:\/\/www.fore.fr\/entreprise\/wp-json\/wp\/v2\/pages\/2339\/revisions"}],"predecessor-version":[{"id":3731,"href":"https:\/\/www.fore.fr\/entreprise\/wp-json\/wp\/v2\/pages\/2339\/revisions\/3731"}],"wp:attachment":[{"href":"https:\/\/www.fore.fr\/entreprise\/wp-json\/wp\/v2\/media?parent=2339"}],"curies":[{"name":"wp","href":"https:\/\/api.w.org\/{rel}","templated":true}]}}