{"id":650,"date":"2020-07-02T18:23:45","date_gmt":"2020-07-02T16:23:45","guid":{"rendered":"http:\/\/www.fore.fr\/apprentissage\/?page_id=650"},"modified":"2022-02-16T20:09:57","modified_gmt":"2022-02-16T19:09:57","slug":"e-learning","status":"publish","type":"page","link":"https:\/\/www.fore.fr\/entreprise\/e-learning\/","title":{"rendered":"E-Learning"},"content":{"rendered":"\n<h1 class=\"has-text-color wp-block-heading\" id=\"nos-parcours-e-learning\" style=\"color:#e70031\"><strong>Nos Parcours E-Learning<\/strong><\/h1>\n\n\n\n<div class=\"wp-block-media-text alignwide is-stacked-on-mobile\" style=\"grid-template-columns:36% auto\"><figure class=\"wp-block-media-text__media\"><img loading=\"lazy\" decoding=\"async\" width=\"950\" height=\"900\" src=\"https:\/\/migration.fore.fr\/entreprise\/wp-content\/uploads\/2020\/04\/FORE-LMS-950X900-4.jpg\" alt=\"\" class=\"wp-image-1419 size-full\" srcset=\"https:\/\/www.fore.fr\/entreprise\/wp-content\/uploads\/2020\/04\/FORE-LMS-950X900-4.jpg 950w, https:\/\/www.fore.fr\/entreprise\/wp-content\/uploads\/2020\/04\/FORE-LMS-950X900-4-300x284.jpg 300w, https:\/\/www.fore.fr\/entreprise\/wp-content\/uploads\/2020\/04\/FORE-LMS-950X900-4-768x728.jpg 768w\" sizes=\"auto, (max-width: 767px) 89vw, (max-width: 1000px) 54vw, (max-width: 1071px) 543px, 580px\" \/><\/figure><div class=\"wp-block-media-text__content\">\n<p class=\"has-text-align-left\" style=\"font-size:24px\"><strong>Nous vous proposons <\/strong><br><strong>des formations en :  <br>. E-Learning<\/strong><br>. <strong>Blended Learning \u00bb<\/strong><\/p>\n<\/div><\/div>\n\n\n\n<h4 class=\"wp-block-heading\" id=\"qu-est-ce-que-le-e-learning\"><em>Qu\u2019est ce que le e-learning&nbsp;?<\/em><\/h4>\n\n\n\n<p>Le e-learning est une formation dont &nbsp;80 \u00e0 100% du contenu en ligne. Il apporte une certaine flexibilit\u00e9 \u00e0 la formation professionnelle. En effet, \u00e0 l\u2019inverse de la formation en pr\u00e9sentiel, celle en e-learning n\u2019impose aucune obligation en mati\u00e8re d\u2019horaires, de temps ou de rythme d\u2019apprentissage.<\/p>\n\n\n\n<h4 class=\"wp-block-heading\" id=\"qu-est-ce-que-le-e-learning\"><em><em>Qu\u2019est-ce que le blended-learning ?<\/em><\/em><\/h4>\n\n\n\n<p>Le blended-learning est une formation mixte ou hybride, qui s\u2019appuie sur diff\u00e9rents m\u00e9dias afin de transmettre les connaissances.<br>C\u2019est une&nbsp;m\u00e9thode d\u2019apprentissage<a rel=\"noreferrer noopener\" href=\"https:\/\/pro.global-exam.com\/fr\/blog\/le-blended-learning-comment-allier-une-formation-en-presentiel-et-digitale?hsLang=fr\" target=\"_blank\">&nbsp;<\/a>&nbsp;bas\u00e9e sur une formation pour partie en pr\u00e9sentiel (formation classique) et pour partie r\u00e9alis\u00e9e \u00e0 distance via le digital (une plateforme de&nbsp;formation en ligne).<\/p>\n\n\n\n<figure class=\"wp-block-table is-style-stripes has-small-font-size\"><table class=\"has-fixed-layout\"><tbody><tr><td><strong><mark style=\"background-color:rgba(0, 0, 0, 0);color:#e10101\" class=\"has-inline-color\">FORMATIONS DISPONIBLES E-LEARNING<\/mark><\/strong><\/td><td><strong><strong>Hygi\u00e8ne alimentaire<\/strong><br><\/strong>. Haccp<\/td><\/tr><tr><td><strong>Etre \u00e9co-responsable<\/strong><br>. Les \u00e9co-gestes en entreprise<br>. \u00c9co conduite 4 roues<\/td><td><strong>Handicap<\/strong><br>. Int\u00e9gration d\u2019une personne en situation de handicap <br>  en entreprise<br>. Accueil handicap dans les ERP<\/td><\/tr><tr><td><strong>Habilitation \u00e9lectrique NFC 18 510<\/strong><br>. B0 H0V<br>. BS BE Manoeuvre<br>. BE HE<br>. B1 B2 BR BC<\/td><td><strong>Management<\/strong><br>. Le RGPD expliqu\u00e9 au salari\u00e9<br>. La r\u00e8glementation applicable en formation <br>  professionnelle<\/td><\/tr><tr><td><strong>Bureautique<\/strong><br>. Word de base<br>. Word exp\u00e9riment\u00e9<br>. Excel de base<br>. Excel exp\u00e9riment\u00e9<br>. PowerPoint<\/td><td><strong>Qualit\u00e9 de vie au travail<\/strong><br>. T\u00e9l\u00e9travail expliqu\u00e9 au salari\u00e9<br>. Risques psychosociaux<br>. Le management \u00e0 distance<br>. L\u2019entretien annuel<br>. L\u2019entretien professionnel<br>. Le management \u00e0 distance<\/td><\/tr><tr><td><strong>Conduite en s\u00e9curit\u00e9 et\/ou CACES<\/strong><br>. R482<br>. R486<br>. R489<\/td><td><strong><strong>S\u00e9curit\u00e9 au travail<\/strong><br><\/strong>. Port du harnais<br>. Sensibilisation aux risques amiante<br>. Travaux en hauteur<br>. Gestes et postures<br>. DT-DICT AIPR (op\u00e9rateur, encadrant, concepteur)<br>. Incendie \u00e9vacuation<\/td><\/tr><\/tbody><\/table><\/figure>\n\n\n\n<div class=\"wpcf7 no-js\" id=\"wpcf7-f870-o1\" lang=\"fr-FR\" dir=\"ltr\" data-wpcf7-id=\"870\">\n<div class=\"screen-reader-response\"><p role=\"status\" aria-live=\"polite\" aria-atomic=\"true\"><\/p> <ul><\/ul><\/div>\n<form action=\"\/entreprise\/wp-json\/wp\/v2\/pages\/650#wpcf7-f870-o1\" method=\"post\" class=\"wpcf7-form init\" aria-label=\"Formulaire de contact\" enctype=\"multipart\/form-data\" novalidate=\"novalidate\" data-status=\"init\">\n<fieldset class=\"hidden-fields-container\"><input type=\"hidden\" name=\"_wpcf7\" value=\"870\" \/><input type=\"hidden\" name=\"_wpcf7_version\" value=\"6.1.5\" \/><input type=\"hidden\" name=\"_wpcf7_locale\" value=\"fr_FR\" \/><input type=\"hidden\" name=\"_wpcf7_unit_tag\" value=\"wpcf7-f870-o1\" \/><input type=\"hidden\" name=\"_wpcf7_container_post\" value=\"0\" \/><input type=\"hidden\" name=\"_wpcf7_posted_data_hash\" value=\"\" \/>\n<\/fieldset>\n<div id=\"contact\">\n<\/div>\n<p>POUR AVOIR DES RENSEIGNEMENTS :<br \/>\n<label> Votre nom (obligatoire)<br \/>\n<span class=\"wpcf7-form-control-wrap\" data-name=\"your-name\"><input size=\"40\" maxlength=\"400\" class=\"wpcf7-form-control wpcf7-text wpcf7-validates-as-required\" aria-required=\"true\" aria-invalid=\"false\" value=\"\" type=\"text\" name=\"your-name\" \/><\/span> <\/label>\n<\/p>\n<p><label> Votre Email (obligatoire)<br \/>\n<span class=\"wpcf7-form-control-wrap\" data-name=\"your-email\"><input size=\"40\" maxlength=\"400\" class=\"wpcf7-form-control wpcf7-email wpcf7-validates-as-required wpcf7-text wpcf7-validates-as-email\" aria-required=\"true\" aria-invalid=\"false\" value=\"\" type=\"email\" name=\"your-email\" \/><\/span> <\/label><br \/>\n<label> Votre t\u00e9l\u00e9phone <span class=\"wpcf7-form-control-wrap\" data-name=\"tel-704\"><input size=\"40\" maxlength=\"400\" class=\"wpcf7-form-control wpcf7-tel wpcf7-validates-as-required wpcf7-text wpcf7-validates-as-tel\" aria-required=\"true\" aria-invalid=\"false\" value=\"\" type=\"tel\" name=\"tel-704\" \/><\/span><\/label><br \/>\n<label> Objet<br \/>\n<span class=\"wpcf7-form-control-wrap\" data-name=\"your-subject\"><input size=\"40\" maxlength=\"400\" class=\"wpcf7-form-control wpcf7-text\" aria-invalid=\"false\" value=\"\" type=\"text\" name=\"your-subject\" \/><\/span> <\/label>\n<\/p>\n<p><label> Votre message<br \/>\n<span class=\"wpcf7-form-control-wrap\" data-name=\"your-message\"><textarea cols=\"40\" rows=\"10\" maxlength=\"2000\" class=\"wpcf7-form-control wpcf7-textarea\" aria-invalid=\"false\" name=\"your-message\"><\/textarea><\/span> <\/label><br \/>\n<label> Vous pouvez nous envoyer votre CV si vous le souhaitez :<br \/>\n<span class=\"wpcf7-form-control-wrap\" data-name=\"file-707\"><input size=\"40\" class=\"wpcf7-form-control wpcf7-file\" accept=\"audio\/*,video\/*,image\/*\" aria-invalid=\"false\" type=\"file\" name=\"file-707\" \/><\/span> <\/label>\n<\/p>\n<p><input class=\"wpcf7-form-control wpcf7-submit has-spinner\" type=\"submit\" value=\"Envoyer\" \/>\n<\/p><p style=\"display: none !important;\" class=\"akismet-fields-container\" data-prefix=\"_wpcf7_ak_\"><label>&#916;<textarea name=\"_wpcf7_ak_hp_textarea\" cols=\"45\" rows=\"8\" maxlength=\"100\"><\/textarea><\/label><input type=\"hidden\" id=\"ak_js_1\" name=\"_wpcf7_ak_js\" value=\"30\"\/><script>\ndocument.getElementById( \"ak_js_1\" ).setAttribute( \"value\", ( new Date() ).getTime() );\n<\/script>\n<\/p><div class=\"wpcf7-response-output\" aria-hidden=\"true\"><\/div>\n<\/form>\n<\/div>\n\n","protected":false},"excerpt":{"rendered":"<p>Nos Parcours E-Learning Nous vous proposons des formations en : . E-Learning. Blended Learning \u00bb Qu\u2019est ce que le e-learning&nbsp;? Le e-learning est une formation dont &nbsp;80 \u00e0 100% du contenu en ligne. Il apporte une certaine flexibilit\u00e9 \u00e0 la formation professionnelle. En effet, \u00e0 l\u2019inverse de la formation en pr\u00e9sentiel, celle en e-learning n\u2019impose &hellip; <\/p>\n<p class=\"link-more\"><a href=\"https:\/\/www.fore.fr\/entreprise\/e-learning\/\" class=\"more-link\">Continuer la lecture<span class=\"screen-reader-text\"> de &laquo;&nbsp;E-Learning&nbsp;&raquo;<\/span><\/a><\/p>\n","protected":false},"author":1,"featured_media":0,"parent":0,"menu_order":0,"comment_status":"closed","ping_status":"closed","template":"","meta":{"footnotes":""},"class_list":["post-650","page","type-page","status-publish","hentry"],"_links":{"self":[{"href":"https:\/\/www.fore.fr\/entreprise\/wp-json\/wp\/v2\/pages\/650","targetHints":{"allow":["GET"]}}],"collection":[{"href":"https:\/\/www.fore.fr\/entreprise\/wp-json\/wp\/v2\/pages"}],"about":[{"href":"https:\/\/www.fore.fr\/entreprise\/wp-json\/wp\/v2\/types\/page"}],"author":[{"embeddable":true,"href":"https:\/\/www.fore.fr\/entreprise\/wp-json\/wp\/v2\/users\/1"}],"replies":[{"embeddable":true,"href":"https:\/\/www.fore.fr\/entreprise\/wp-json\/wp\/v2\/comments?post=650"}],"version-history":[{"count":20,"href":"https:\/\/www.fore.fr\/entreprise\/wp-json\/wp\/v2\/pages\/650\/revisions"}],"predecessor-version":[{"id":2398,"href":"https:\/\/www.fore.fr\/entreprise\/wp-json\/wp\/v2\/pages\/650\/revisions\/2398"}],"wp:attachment":[{"href":"https:\/\/www.fore.fr\/entreprise\/wp-json\/wp\/v2\/media?parent=650"}],"curies":[{"name":"wp","href":"https:\/\/api.w.org\/{rel}","templated":true}]}}